{"id":447,"date":"2019-02-27T16:26:35","date_gmt":"2019-02-27T16:26:35","guid":{"rendered":"http:\/\/chmc.es\/wordpress\/?page_id=447"},"modified":"2024-09-25T09:07:05","modified_gmt":"2024-09-25T09:07:05","slug":"proteccio-de-dades","status":"publish","type":"page","link":"https:\/\/chmc.es\/wordpress\/ca\/proteccio-de-dades\/","title":{"rendered":"Protecci\u00f3 de dades"},"content":{"rendered":"<p><strong>AV\u00cdS LEGAL<\/strong><\/p>\n<p>Aquesta p\u00e0gina Web \u00e9s propietat de CENTRE D&#8217;HIGIENE MENTAL DE CORNELL\u00c0 amb NIF n\u00ba F08843132 i domicili a C\/ EDUARD GIBERT 52, ENT. 2ona ( 08940 Cornell\u00e1 de Llobregat )<\/p>\n<p>Per a qualsevol consulta o proposta, contacti&#8217;ns en l&#8217;e-mail: chmc@chmc.es<\/p>\n<p>Aquesta p\u00e0gina Web es regeix per la normativa exclusivament aplicable a Espanya, quedant sotmesa a ella, tant nacionals com a estrangers que utilitzin aquesta Web.<\/p>\n<p>L&#8217;acc\u00e9s a la nostra p\u00e0gina Web per part de l&#8217;USUARI \u00e9s gratu\u00eft i est\u00e0 condicionat a la pr\u00e8via lectura i acceptaci\u00f3 \u00edntegra, expressa i sense reserves de les presents CONDICIONS GENERALS D&#8217;\u00daS vigents al moment de l&#8217;acc\u00e9s, que preguem llegeixi detingudament. L&#8217;USUARI al moment que utilitza el nostre portal, els seus continguts o serveis, accepta i es sotmet expressament a les condicions generals d&#8217;\u00fas del mateix. Si l&#8217;usuari no estigu\u00e9s d&#8217;acord amb les presents condicions d&#8217;\u00fas, haur\u00e0 d&#8217;abstenir-se d&#8217;utilitzar aquest portal i d&#8217;operar per mitj\u00e0 del mateix.<\/p>\n<p>En qualsevol moment podrem modificar la presentaci\u00f3 i configuraci\u00f3 de la nostra Web, ampliar o reduir serveis i, fins i tot, suprimir-la de la Xarxa aix\u00ed com els serveis i continguts prestats, tot aix\u00f2 de forma unilateral i sense previ av\u00eds.<\/p>\n<p><strong>A. PROPIETAT INTEL\u00b7LECTUAL<\/strong><\/p>\n<p>Tots els continguts, textos, imatges, marques i codis font s\u00f3n de la nostra propietat o de tercers als quals s&#8217;han adquirit els seus drets d&#8217;explotaci\u00f3, i estan protegits pels drets de Propietat Intel\u00b7lectual i Industrial.<\/p>\n<p>L&#8217;usuari \u00fanicament t\u00e9 dret a un \u00fas privat dels mateixos, sense \u00e0nim de lucre, i necessita autoritzaci\u00f3 expressa per modificar-los, reproduir-los, explotar-los, distribuir-los o exercir qualsevol dret pertanyent al seu titular.<\/p>\n<p><strong>B. CONDICIONS D&#8217;ACC\u00c9S<\/strong><\/p>\n<p>L&#8217;acc\u00e9s a la nostra p\u00e0gina Web \u00e9s gratu\u00eft i no exigeix pr\u00e8via subscripci\u00f3 o registre.<\/p>\n<p>L&#8217;enviament de dades personals implica l&#8217;acceptaci\u00f3 expressa per part de l&#8217;USUARI de la nostra pol\u00edtica de privadesa.<\/p>\n<p>L&#8217;usuari ha d&#8217;accedir a la nostra p\u00e0gina Web conforme a la bona fe, les normes d&#8217;ordre p\u00fablic i a les presents Condicions Generals d&#8217;\u00fas. L&#8217;acc\u00e9s al nostre lloc web es realitza sota la pr\u00f2pia i exclusiva responsabilitat de l&#8217;usuari, que respondr\u00e0 en tot cas dels danys i perjudicis que pugui causar a tercers o a nosaltres mateixos.<\/p>\n<p>Tenint en compte la impossibilitat de control respecte a la informaci\u00f3, continguts i serveis que continguin altres p\u00e0gines web als quals es pugui accedir a trav\u00e9s dels enlla\u00e7os que la nostra p\u00e0gina web pugui posar a la seva disposici\u00f3, li comuniquem que quedem eximits de qualsevol responsabilitat pels danys i perjudicis de tota classe que poguessin derivar per la utilitzaci\u00f3 d&#8217;aquestes p\u00e0gines web, alienes a la nostra empresa, per part de l&#8217;usuari.<\/p>\n<p><strong>C. POL\u00cdTICA DE PRIVACITAT<\/strong><\/p>\n<p>La confidencialitat i la seguretat s\u00f3n valors primordials de CENTRE D&#8217;HIGIENE MENTAL DE CORNELL\u00c0 i, en conseq\u00fc\u00e8ncia, assumim el comprom\u00eds de garantir la privadesa de l&#8217;Usuari a tot moment i de no recaptar informaci\u00f3 innecess\u00e0ria. A continuaci\u00f3, li proporcionem tota la informaci\u00f3 necess\u00e0ria sobre la nostra Pol\u00edtica de Privadesa en relaci\u00f3 amb les dades personals que recaptem, explicant-li:<\/p>\n<ul>\n<li>Qui \u00e9s el responsable del tractament de les seves dades.<\/li>\n<li>Para quines finalitats recaptem les dades que li sol\u00b7licitem.<\/li>\n<li>Quin \u00e9s la legitimaci\u00f3 per al seu tractament.<\/li>\n<li>Durant quant temps els conservem.<\/li>\n<li>A quins destinataris es comuniquen les seves dades.<\/li>\n<li>Quins s\u00f3n els seus drets i com exercir-los.<\/li>\n<\/ul>\n<ol>\n<li>RESPONSABLE: veure dades a l&#8217;encap\u00e7alament.<\/li>\n<li>FINALITATS, LEGITIMACI\u00d3 I CONSERVACI\u00d3 dels tractaments de les dades enviades a trav\u00e9s de:<\/li>\n<\/ol>\n<ul>\n<li><u>Formulari de Contacte.<\/u><\/li>\n<\/ul>\n<p>Finalitat: Facilitar-li un mitj\u00e0 perqu\u00e8 pugui posar-se en contacte amb nosaltres i contestar a les seves sol\u00b7licituds d&#8217;informaci\u00f3, aix\u00ed com enviar-li comunicacions dels nostres productes, serveis i activitats, inclusivament per mitjans electr\u00f2nics (correu electr\u00f2nic, SMS, etc.), si marca la casella d&#8217;acceptaci\u00f3.<\/p>\n<p>Legitimaci\u00f3: El consentiment de l&#8217;usuari en sol\u00b7licitar-nos informaci\u00f3 a trav\u00e9s del nostre formulari de contactes i en marcar la casella d&#8217;acceptaci\u00f3 d&#8217;enviament d&#8217;informaci\u00f3.<\/p>\n<p>Conservaci\u00f3: Una vegada resolta la seva sol\u00b7licitud per mitj\u00e0 del nostre formulari o contestada per correu electr\u00f2nic, si no ha generat un nou tractament, i en cas d&#8217;haver acceptat rebre enviaments comercials, fins que sol\u00b7liciti la baixa dels mateixos.<\/p>\n<ul>\n<li><u>Enviament de correus electr\u00f2nics.<\/u><\/li>\n<\/ul>\n<p>Finalitat: Contestar a les seves sol\u00b7licituds d&#8217;informaci\u00f3, atendre les seves peticions i respondre les seves consultes o dubtes.\u00a0\u00a0En cas de rebre el seu Curr\u00edculum Vitae, les seves dades i CV podran ser incorporats a les nostres bases de dades per participar en els nostres processos de selecci\u00f3 presents i\/o futurs.<\/p>\n<p>Legitimaci\u00f3: El consentiment de l&#8217;usuari en sol\u00b7licitar-nos informaci\u00f3 a trav\u00e9s de l&#8217;adre\u00e7a de correu electr\u00f2nic o enviar-nos el CV.<\/p>\n<p>Conservaci\u00f3: Una vegada resulta contestada la seva petici\u00f3 per correu electr\u00f2nic, si no ha generat un nou tractament. En cas de rebre el seu CV, les seves dades es podran conservar durant 1 any m\u00e0xim per a futurs processos de selecci\u00f3.<\/p>\n<p><strong>Obligaci\u00f3 de facilitar-nos les seves dades personals i conseq\u00fc\u00e8ncies de no fer-ho.<\/strong><\/p>\n<p>El subministrament de dades personals requereix una edat m\u00ednima de 14 anys, o si s&#8217;escau, disposar de capacitat jur\u00eddica suficient per contractar.<\/p>\n<p>Les dades personals sol\u00b7licitades s\u00f3n necessaris per gestionar les seves sol\u00b7licituds, donar-li d&#8217;alta com a usuari i\/o prestar-li els serveis que pugui contractar, per la qual cosa, si no ens les facilita, no podrem atendre-li correctament ni prestar-li el servei que ha sol\u00b7licitat.<\/p>\n<p>En tot cas, ens reservem el dret\u00a0a decidir sobre la incorporaci\u00f3 o no de les seves dades y dem\u00e9s informaci\u00f3\u00a0a les nostres bases de dades.<\/p>\n<ol start=\"3\">\n<li>DESTINATARIS DE LES SEVES DADES.<\/li>\n<\/ol>\n<p>Les seves dades s\u00f3n confidencials i no es cediran a tercers, tret que existeixi obligaci\u00f3 legal.<\/p>\n<ol start=\"4\">\n<li>COOKIES<\/li>\n<\/ol>\n<p>Aquesta p\u00e0gina web nom\u00e9s utilitza cookies que permeten el funcionament i la prestaci\u00f3 dels serveis oferits en la mateixa i en cap cas tracten dades de connexi\u00f3 i\/o dels dispositius ni capten h\u00e0bits de navegaci\u00f3 per a fins publicitaris. Per tant, no es requereix, d&#8217;acord amb l&#8217;article 22 de la Llei de Serveis de la Societat de la Informaci\u00f3, el seu consentiment per a la seva instal\u00b7laci\u00f3 temporal durant la seva sessi\u00f3 de navegaci\u00f3.<\/p>\n<ol start=\"5\">\n<li>DRETS EN RELACI\u00d3 AMB LES SEVES DADES PERSONALS.<\/li>\n<\/ol>\n<p>Qualsevol persona pot retirar el seu consentiment en qualsevol moment, quan el mateix s&#8217;hagi atorgat per al tractament de les seves dades. En cap cas, la retirada d&#8217;aquest consentiment condiciona l&#8217;execuci\u00f3 del contracte de subscripci\u00f3 o les relacions generades amb anterioritat.<\/p>\n<p>Igualment, pot exercir els seg\u00fcents drets:<\/p>\n<ul>\n<li>Sol\u00b7licitar l&#8217;acc\u00e9s a les seves dades personals o la seva rectificaci\u00f3 quan siguin inexactes.<\/li>\n<li>Sol\u00b7licitar la seva supressi\u00f3 quan, entre altres motius, les dades ja no siguin necess\u00e0ries per a les finalitats pels quals van ser recollides.<\/li>\n<li>Sol\u00b7licitar la limitaci\u00f3 del seu tractament en determinades circumst\u00e0ncies.<\/li>\n<li>Sol\u00b7licitar l&#8217;oposici\u00f3 al tractament de les seves dades per motius relacionats amb la seva situaci\u00f3 particular.<\/li>\n<li>Sol\u00b7licitar la portabilitat de les dades en els casos previstos a la normativa.<\/li>\n<li>Altres drets reconeguts a les normatives aplicables.<\/li>\n<\/ul>\n<p><u>On i com sol\u00b7licitar els seus Drets<\/u>: Mitjan\u00e7ant un escrit dirigit al responsable a la seva adre\u00e7a postal o electr\u00f2nica (indicades a l&#8217;apartat A), indicant la referencia \u201cDades Personals\u201d, especificant el dret que es vol exercir i respecte a quines dades personals.<\/p>\n<p>En cas de diverg\u00e8ncies amb l&#8217;empresa en relaci\u00f3 amb el tractament de les seves dades, pot presentar una reclamaci\u00f3 davant l&#8217;Ag\u00e8ncia de Protecci\u00f3 de Dades (www.agpd.es).<\/p>\n<ol start=\"6\">\n<li>SEGURETAT DE LES SEVES DADES PERSONALS<\/li>\n<\/ol>\n<p>Amb l&#8217;objectiu de salvaguardar la seguretat de les seves dades personals, li informem que hem adoptat totes les mesures d&#8217;\u00edndole t\u00e8cnica i organitzativa necess\u00e0ries per garantir la seguretat de les dades personals subministrades de la seva alteraci\u00f3, p\u00e8rdua i tractaments o accessos no autoritzats.<\/p>\n<ol start=\"7\">\n<li>ACTUALITZACI\u00d3 DE LES SEVES DADES PERSONALS<\/li>\n<\/ol>\n<p>\u00c9s important que perqu\u00e8 puguem mantenir les seves dades personals actualitzades, ens informi sempre que hi hagi hagut alguna modificaci\u00f3 en elles, en cas contrari, no responem de la veracitat de les mateixes.<\/p>\n<p>No ens fem responsables de la pol\u00edtica de privadesa respecte a les dades personals que pugui facilitar a tercers per mitj\u00e0 dels enlla\u00e7os disponibles a la nostra p\u00e0gina web.<\/p>\n<p>La present Pol\u00edtica de Privadesa ha estat modificada en data\u00a013\/01\/2021 i pot ser modificada per adaptar-les als canvis que es produeixi a la nostra web, aix\u00ed com modificacions legislatives o jurisprudencials sobre dades personals que vagin apareixent, per la qual cosa exigeix la seva lectura, cada vegada que ens faciliti les seves dades a trav\u00e9s d&#8217;aquesta Web.<\/p>\n<p><strong>D. RESPONSABILITATS<\/strong><\/p>\n<p>En posar a la disposici\u00f3 de l&#8217;usuari aquesta p\u00e0gina Web volem oferir-li un servei de qualitat, utilitzant la m\u00e0xima dilig\u00e8ncia en la prestaci\u00f3 del mateix, aix\u00ed com en els mitjans tecnol\u00f2gics utilitzats. No obstant aix\u00f2, no respondrem de la pres\u00e8ncia de virus i altres elements que d&#8217;alguna manera puguin danyar el sistema inform\u00e0tic de l&#8217;usuari.<\/p>\n<p>No garantim que la disponibilitat del servei sigui cont\u00ednua i ininterrompuda.<\/p>\n<p>L&#8217;USUARI t\u00e9 prohibit qualsevol tipus d&#8217;acci\u00f3 sobre el nostre portal que origini una excessiva sobrec\u00e0rrega de funcionament als nostres sistemes inform\u00e0tics, aix\u00ed com la introducci\u00f3 de virus, o instal\u00b7laci\u00f3 de robots o programari que alteri el normal funcionament de la nostra web, o en definitiva pugui causar danys als nostres sistemes inform\u00e0tics.<\/p>\n<p>L&#8217;USUARI assumeix tota la responsabilitat derivada de l&#8217;\u00fas de la nostra p\u00e0gina web.<\/p>\n<p>L&#8217;USUARI reconeix que ha ent\u00e8s tota la informaci\u00f3 respecte a les condicions d&#8217;\u00fas del nostre portal, i reconeix que s\u00f3n suficients per a l&#8217;exclusi\u00f3 de l&#8217;error en les mateixes, i per tant, les accepta integra i expressament.<\/p>\n<p>Aix\u00ed mateix, posem a la seva disposici\u00f3 un Delegat de Protecci\u00f3 de Dades que, no sols s\u2019encarregar\u00e0 de supervisar tots els tractaments de dades que es realitzin en la nostra entitat, sin\u00f3 que, podr\u00e0 atendre\u2019ls per a qualsevol q\u00fcesti\u00f3 relacionada amb el tractament de dades. Les dades de contacte del nostre DPO s\u00f3n:\u00a0<span lang=\"ES\"><a href=\"mailto:dianarvidal@chmc.cat\" target=\"_blank\" rel=\"noreferrer noopener\">dianarvidal@chmc.cat<\/a>.<u><\/u><u><\/u><\/span><\/p>\n\n","protected":false},"excerpt":{"rendered":"<p>AV\u00cdS LEGAL Aquesta p\u00e0gina Web \u00e9s propietat de CENTRE D&#8217;HIGIENE MENTAL DE CORNELL\u00c0 amb NIF n\u00ba F08843132 i domicili a C\/ EDUARD GIBERT 52, ENT. 2ona ( 08940 Cornell\u00e1 de Llobregat ) Per a qualsevol consulta o proposta, contacti&#8217;ns en &hellip; <a href=\"https:\/\/chmc.es\/wordpress\/ca\/proteccio-de-dades\/\">Continuar<\/a><\/p>\n","protected":false},"author":1,"featured_media":0,"parent":0,"menu_order":0,"comment_status":"closed","ping_status":"closed","template":"","meta":{"kt_blocks_editor_width":"","footnotes":""},"class_list":["post-447","page","type-page","status-publish","hentry"],"yoast_head":"<!-- This site is optimized with the Yoast SEO plugin v27.1.1 - https:\/\/yoast.com\/product\/yoast-seo-wordpress\/ -->\n<title>Protecci\u00f3 de dades - CHMC<\/title>\n<meta name=\"robots\" content=\"index, follow, max-snippet:-1, max-image-preview:large, max-video-preview:-1\" \/>\n<link rel=\"canonical\" href=\"https:\/\/chmc.es\/wordpress\/ca\/proteccio-de-dades\/\" \/>\n<meta property=\"og:locale\" content=\"es_ES\" \/>\n<meta property=\"og:type\" content=\"article\" \/>\n<meta property=\"og:title\" content=\"Protecci\u00f3 de dades - CHMC\" \/>\n<meta property=\"og:description\" content=\"AV\u00cdS LEGAL Aquesta p\u00e0gina Web \u00e9s propietat de CENTRE D&#8217;HIGIENE MENTAL DE CORNELL\u00c0 amb NIF n\u00ba F08843132 i domicili a C\/ EDUARD GIBERT 52, ENT. 2ona ( 08940 Cornell\u00e1 de Llobregat ) Per a qualsevol consulta o proposta, contacti&#8217;ns en &hellip; Continuar\" \/>\n<meta property=\"og:url\" content=\"https:\/\/chmc.es\/wordpress\/ca\/proteccio-de-dades\/\" \/>\n<meta property=\"og:site_name\" content=\"CHMC\" \/>\n<meta property=\"article:modified_time\" content=\"2024-09-25T09:07:05+00:00\" \/>\n<meta property=\"og:image\" content=\"https:\/\/chmc.es\/wordpress\/wp-content\/uploads\/2025\/02\/Disseny-sense-titol-scaled.jpg\" \/>\n\t<meta property=\"og:image:width\" content=\"2560\" \/>\n\t<meta property=\"og:image:height\" content=\"1080\" \/>\n\t<meta property=\"og:image:type\" content=\"image\/jpeg\" \/>\n<meta name=\"twitter:card\" content=\"summary_large_image\" \/>\n<meta name=\"twitter:label1\" content=\"Tiempo de lectura\" \/>\n\t<meta name=\"twitter:data1\" content=\"9 minutos\" \/>\n<script type=\"application\/ld+json\" class=\"yoast-schema-graph\">{\"@context\":\"https:\/\/schema.org\",\"@graph\":[{\"@type\":\"WebPage\",\"@id\":\"https:\/\/chmc.es\/wordpress\/ca\/proteccio-de-dades\/\",\"url\":\"https:\/\/chmc.es\/wordpress\/ca\/proteccio-de-dades\/\",\"name\":\"Protecci\u00f3 de dades - CHMC\",\"isPartOf\":{\"@id\":\"https:\/\/chmc.es\/wordpress\/#website\"},\"datePublished\":\"2019-02-27T16:26:35+00:00\",\"dateModified\":\"2024-09-25T09:07:05+00:00\",\"breadcrumb\":{\"@id\":\"https:\/\/chmc.es\/wordpress\/ca\/proteccio-de-dades\/#breadcrumb\"},\"inLanguage\":\"es\",\"potentialAction\":[{\"@type\":\"ReadAction\",\"target\":[\"https:\/\/chmc.es\/wordpress\/ca\/proteccio-de-dades\/\"]}]},{\"@type\":\"BreadcrumbList\",\"@id\":\"https:\/\/chmc.es\/wordpress\/ca\/proteccio-de-dades\/#breadcrumb\",\"itemListElement\":[{\"@type\":\"ListItem\",\"position\":1,\"name\":\"Portada\",\"item\":\"https:\/\/chmc.es\/wordpress\/\"},{\"@type\":\"ListItem\",\"position\":2,\"name\":\"Protecci\u00f3 de dades\"}]},{\"@type\":\"WebSite\",\"@id\":\"https:\/\/chmc.es\/wordpress\/#website\",\"url\":\"https:\/\/chmc.es\/wordpress\/\",\"name\":\"CHMC\",\"description\":\"PSICOLOGIA\",\"publisher\":{\"@id\":\"https:\/\/chmc.es\/wordpress\/#organization\"},\"potentialAction\":[{\"@type\":\"SearchAction\",\"target\":{\"@type\":\"EntryPoint\",\"urlTemplate\":\"https:\/\/chmc.es\/wordpress\/?s={search_term_string}\"},\"query-input\":{\"@type\":\"PropertyValueSpecification\",\"valueRequired\":true,\"valueName\":\"search_term_string\"}}],\"inLanguage\":\"es\"},{\"@type\":\"Organization\",\"@id\":\"https:\/\/chmc.es\/wordpress\/#organization\",\"name\":\"CHMC\",\"url\":\"https:\/\/chmc.es\/wordpress\/\",\"logo\":{\"@type\":\"ImageObject\",\"inLanguage\":\"es\",\"@id\":\"https:\/\/chmc.es\/wordpress\/#\/schema\/logo\/image\/\",\"url\":\"https:\/\/chmc.es\/wordpress\/wp-content\/uploads\/2025\/02\/chmc.jpg\",\"contentUrl\":\"https:\/\/chmc.es\/wordpress\/wp-content\/uploads\/2025\/02\/chmc.jpg\",\"width\":1080,\"height\":1080,\"caption\":\"CHMC\"},\"image\":{\"@id\":\"https:\/\/chmc.es\/wordpress\/#\/schema\/logo\/image\/\"}}]}<\/script>\n<!-- \/ Yoast SEO plugin. -->","yoast_head_json":{"title":"Protecci\u00f3 de dades - CHMC","robots":{"index":"index","follow":"follow","max-snippet":"max-snippet:-1","max-image-preview":"max-image-preview:large","max-video-preview":"max-video-preview:-1"},"canonical":"https:\/\/chmc.es\/wordpress\/ca\/proteccio-de-dades\/","og_locale":"es_ES","og_type":"article","og_title":"Protecci\u00f3 de dades - CHMC","og_description":"AV\u00cdS LEGAL Aquesta p\u00e0gina Web \u00e9s propietat de CENTRE D&#8217;HIGIENE MENTAL DE CORNELL\u00c0 amb NIF n\u00ba F08843132 i domicili a C\/ EDUARD GIBERT 52, ENT. 2ona ( 08940 Cornell\u00e1 de Llobregat ) Per a qualsevol consulta o proposta, contacti&#8217;ns en &hellip; Continuar","og_url":"https:\/\/chmc.es\/wordpress\/ca\/proteccio-de-dades\/","og_site_name":"CHMC","article_modified_time":"2024-09-25T09:07:05+00:00","og_image":[{"width":2560,"height":1080,"url":"https:\/\/chmc.es\/wordpress\/wp-content\/uploads\/2025\/02\/Disseny-sense-titol-scaled.jpg","type":"image\/jpeg"}],"twitter_card":"summary_large_image","twitter_misc":{"Tiempo de lectura":"9 minutos"},"schema":{"@context":"https:\/\/schema.org","@graph":[{"@type":"WebPage","@id":"https:\/\/chmc.es\/wordpress\/ca\/proteccio-de-dades\/","url":"https:\/\/chmc.es\/wordpress\/ca\/proteccio-de-dades\/","name":"Protecci\u00f3 de dades - CHMC","isPartOf":{"@id":"https:\/\/chmc.es\/wordpress\/#website"},"datePublished":"2019-02-27T16:26:35+00:00","dateModified":"2024-09-25T09:07:05+00:00","breadcrumb":{"@id":"https:\/\/chmc.es\/wordpress\/ca\/proteccio-de-dades\/#breadcrumb"},"inLanguage":"es","potentialAction":[{"@type":"ReadAction","target":["https:\/\/chmc.es\/wordpress\/ca\/proteccio-de-dades\/"]}]},{"@type":"BreadcrumbList","@id":"https:\/\/chmc.es\/wordpress\/ca\/proteccio-de-dades\/#breadcrumb","itemListElement":[{"@type":"ListItem","position":1,"name":"Portada","item":"https:\/\/chmc.es\/wordpress\/"},{"@type":"ListItem","position":2,"name":"Protecci\u00f3 de dades"}]},{"@type":"WebSite","@id":"https:\/\/chmc.es\/wordpress\/#website","url":"https:\/\/chmc.es\/wordpress\/","name":"CHMC","description":"PSICOLOGIA","publisher":{"@id":"https:\/\/chmc.es\/wordpress\/#organization"},"potentialAction":[{"@type":"SearchAction","target":{"@type":"EntryPoint","urlTemplate":"https:\/\/chmc.es\/wordpress\/?s={search_term_string}"},"query-input":{"@type":"PropertyValueSpecification","valueRequired":true,"valueName":"search_term_string"}}],"inLanguage":"es"},{"@type":"Organization","@id":"https:\/\/chmc.es\/wordpress\/#organization","name":"CHMC","url":"https:\/\/chmc.es\/wordpress\/","logo":{"@type":"ImageObject","inLanguage":"es","@id":"https:\/\/chmc.es\/wordpress\/#\/schema\/logo\/image\/","url":"https:\/\/chmc.es\/wordpress\/wp-content\/uploads\/2025\/02\/chmc.jpg","contentUrl":"https:\/\/chmc.es\/wordpress\/wp-content\/uploads\/2025\/02\/chmc.jpg","width":1080,"height":1080,"caption":"CHMC"},"image":{"@id":"https:\/\/chmc.es\/wordpress\/#\/schema\/logo\/image\/"}}]}},"_links":{"self":[{"href":"https:\/\/chmc.es\/wordpress\/wp-json\/wp\/v2\/pages\/447","targetHints":{"allow":["GET"]}}],"collection":[{"href":"https:\/\/chmc.es\/wordpress\/wp-json\/wp\/v2\/pages"}],"about":[{"href":"https:\/\/chmc.es\/wordpress\/wp-json\/wp\/v2\/types\/page"}],"author":[{"embeddable":true,"href":"https:\/\/chmc.es\/wordpress\/wp-json\/wp\/v2\/users\/1"}],"replies":[{"embeddable":true,"href":"https:\/\/chmc.es\/wordpress\/wp-json\/wp\/v2\/comments?post=447"}],"version-history":[{"count":10,"href":"https:\/\/chmc.es\/wordpress\/wp-json\/wp\/v2\/pages\/447\/revisions"}],"predecessor-version":[{"id":724,"href":"https:\/\/chmc.es\/wordpress\/wp-json\/wp\/v2\/pages\/447\/revisions\/724"}],"wp:attachment":[{"href":"https:\/\/chmc.es\/wordpress\/wp-json\/wp\/v2\/media?parent=447"}],"curies":[{"name":"wp","href":"https:\/\/api.w.org\/{rel}","templated":true}]}}